{"id":1275,"date":"2014-11-25T04:11:56","date_gmt":"2014-11-25T03:11:56","guid":{"rendered":"http:\/\/www2.montes.upm.es\/ArboretoMontes\/?page_id=1275"},"modified":"2015-01-12T19:26:45","modified_gmt":"2015-01-12T18:26:45","slug":"la-resina","status":"publish","type":"page","link":"https:\/\/www2.montes.upm.es\/ArboretoMontes\/index.php\/la-resina\/","title":{"rendered":"La resina"},"content":{"rendered":"<p style=\"text-align: justify;\"><img decoding=\"async\" loading=\"lazy\" class=\"aligncenter size-full wp-image-1276\" alt=\"Cabez-RESINA\" src=\"http:\/\/www2.montes.upm.es\/ArboretoMontes\/wp-content\/uploads\/2014\/11\/Cabez-RESINA.jpg\" width=\"1000\" height=\"204\" srcset=\"https:\/\/www2.montes.upm.es\/ArboretoMontes\/wp-content\/uploads\/2014\/11\/Cabez-RESINA.jpg 1000w, https:\/\/www2.montes.upm.es\/ArboretoMontes\/wp-content\/uploads\/2014\/11\/Cabez-RESINA-300x61.jpg 300w\" sizes=\"(max-width: 1000px) 100vw, 1000px\" \/><\/p>\n<p style=\"text-align: justify;\"><span style=\"font-size: large; color: #7b9353;\"><strong><span style=\"font-family: verdana, geneva;\">Influencia de la anatom\u00eda de la madera, dendrometr\u00eda y clima en la producci\u00f3n de resina<\/span><\/strong><\/span><\/p>\n<figure id=\"attachment_1280\" aria-describedby=\"caption-attachment-1280\" style=\"width: 403px\" class=\"wp-caption alignright\"><img decoding=\"async\" loading=\"lazy\" class=\" wp-image-1280  \" alt=\"El pino resinero o pino mar\u00edtimo (Pinus pinaster) es la \u00fanica especie resinada en la actualidad en Espa\u00f1a. En la foto, pino resinado con pica tradicional y con pica mecanizada. El \u00e1rbol es herido cada 21 d\u00edas aproximadamente, durante 6 meses. Este proceso se repetir\u00e1 5 a\u00f1os en la misma orientaci\u00f3n y dar\u00e1 lugar a una cara de resinaci\u00f3n Foto: Aida Rodr\u00edguez.\" src=\"http:\/\/www2.montes.upm.es\/ArboretoMontes\/wp-content\/uploads\/2014\/11\/res-1-1024x761.jpg\" width=\"403\" height=\"299\" srcset=\"https:\/\/www2.montes.upm.es\/ArboretoMontes\/wp-content\/uploads\/2014\/11\/res-1-1024x761.jpg 1024w, https:\/\/www2.montes.upm.es\/ArboretoMontes\/wp-content\/uploads\/2014\/11\/res-1-300x223.jpg 300w, https:\/\/www2.montes.upm.es\/ArboretoMontes\/wp-content\/uploads\/2014\/11\/res-1.jpg 1168w\" sizes=\"(max-width: 403px) 100vw, 403px\" \/><figcaption id=\"caption-attachment-1280\" class=\"wp-caption-text\"><span style=\"color: #888888;\"><em><span style=\"font-family: verdana, geneva; font-size: x-small;\">El pino resinero o pino mar\u00edtimo (Pinus pinaster) es la \u00fanica especie resinada en la actualidad en Espa\u00f1a. En la foto, pino resinado con pica tradicional y con pica mecanizada. El \u00e1rbol es herido cada 21 d\u00edas aproximadamente, durante 6 meses. Este proceso se repetir\u00e1 5 a\u00f1os en la misma orientaci\u00f3n y dar\u00e1 lugar a una cara de resinaci\u00f3n Foto: Aida Rodr\u00edguez.<\/span><\/em><\/span><\/figcaption><\/figure>\n<p style=\"text-align: justify;\"><span style=\"font-family: verdana, geneva; font-size: small;\">La resinaci\u00f3n ha sido una actividad de gran importancia desde hace siglos, generando desarrollo en el medio rural, un producto natural y renovable, y una cultura singular. Los cambios acaecidos durante las \u00faltimas d\u00e9cadas del siglo XX, crisis de precios internacional, competencia con derivados del petr\u00f3leo y falta de mejoras-innovaci\u00f3n en el sector, supusieron su decrecimiento hasta pr\u00e1cticamente desaparecer en los a\u00f1os 90.<\/span><\/p>\n<p style=\"text-align: justify;\"><span style=\"line-height: 1.5em; font-family: verdana, geneva; font-size: small;\">Sin embargo, en los \u00faltimos a\u00f1os, un incremento en los precios internacionales de la resina y las condiciones socioecon\u00f3micas actuales han llevado a que muchas poblaciones comiencen de nuevo o por primera vez a aprovechar pinares para su resinaci\u00f3n<\/span><\/p>\n<p style=\"text-align: justify;\"><span style=\"line-height: 1.5em; font-family: verdana, geneva; font-size: small;\">Las plantas, en particular los pinos, reaccionan frente a distintos est\u00edmulos con la s\u00edntesis de compuestos defensivos, entre ellos la resina. Los pinos, m\u00e1s concretamente el pino resinero (<em>Pinus pinaster<\/em>), presentan un desarrollado sistema de canales resin\u00edferos conectados entre s\u00ed, que almacena y sintetiza resina a trav\u00e9s de distintas estructuras. <\/span><\/p>\n<p style=\"text-align: justify;\"><span style=\"line-height: 1.5em; font-family: verdana, geneva; font-size: small;\">Aprovechando esta caracter\u00edstica, desde hace siglos se ha llevado a cabo la pr\u00e1ctica de la resinaci\u00f3n, que consiste en herir de manera sistem\u00e1tica y peri\u00f3dica al \u00e1rbol provocando la secreci\u00f3n de resina y su posterior recogida. Desde hace algunos a\u00f1os el Grupo de investigaci\u00f3n Gen\u00e9tica, fisiolog\u00eda e historia forestal se desarrollan estudios dirigidos a establecer mejoras en este aprovechamiento tradicional que se encuentra en el l\u00edmite de la rentabilidad.<\/span><\/p>\n<figure id=\"attachment_1283\" aria-describedby=\"caption-attachment-1283\" style=\"width: 932px\" class=\"wp-caption alignleft\"><img decoding=\"async\" loading=\"lazy\" class=\" wp-image-1283   \" style=\"border: 0px;\" alt=\"Las muestras recogidas en campo se cortan con un microtomo de deslizamiento en l\u00e1minas de unas 30 micras y se ti\u00f1en para su posterior observaci\u00f3n al microscopio y mediciones con un programa de an\u00e1lisis de imagen. En las fotos: barrenado para la extracci\u00f3n de muestras del tejido, microtomo, muestras preparadas para su observaci\u00f3n al microscopio, y medici\u00f3n de canales resin\u00edferos y traqueidas. Imagen: Aida  Rodr\u00edguez\" src=\"http:\/\/www2.montes.upm.es\/ArboretoMontes\/wp-content\/uploads\/2014\/11\/res-2-1024x330.jpg\" width=\"932\" height=\"300\" srcset=\"https:\/\/www2.montes.upm.es\/ArboretoMontes\/wp-content\/uploads\/2014\/11\/res-2-1024x330.jpg 1024w, https:\/\/www2.montes.upm.es\/ArboretoMontes\/wp-content\/uploads\/2014\/11\/res-2-300x96.jpg 300w, https:\/\/www2.montes.upm.es\/ArboretoMontes\/wp-content\/uploads\/2014\/11\/res-2.jpg 1775w\" sizes=\"(max-width: 932px) 100vw, 932px\" \/><figcaption id=\"caption-attachment-1283\" class=\"wp-caption-text\"><span style=\"font-size: x-small;\"><em><span style=\"font-family: verdana, geneva; color: #888888;\">Las muestras recogidas en campo se cortan con un microtomo de deslizamiento en l\u00e1minas de unas 30 micras y se ti\u00f1en para su posterior observaci\u00f3n al microscopio y mediciones con un programa de an\u00e1lisis de imagen. En las fotos: barrenado para la extracci\u00f3n de muestras del tejido, microtomo, muestras preparadas para su observaci\u00f3n al microscopio, y medici\u00f3n de canales resin\u00edferos y traqueidas. Imagen: Aida Rodr\u00edguez<\/span><\/em><\/span><\/figcaption><\/figure>\n<figure id=\"attachment_1288\" aria-describedby=\"caption-attachment-1288\" style=\"width: 221px\" class=\"wp-caption alignleft\"><img decoding=\"async\" loading=\"lazy\" class=\" wp-image-1288      \" style=\"border: 0px;\" alt=\"Los pinos, m\u00e1s concretamente el pino resinero (Pinus pinaster), presentan un desarrollado sistema de canales resin\u00edferos conectados entre s\u00ed, que almacena y sintetiza resina a trav\u00e9s de distintas estructuras.  En la imagen, corte  transversal en el que se aprecian los anillos de crecimiento. En rojo, traqueidas, tejido lignificado del xilema. En azul, c\u00e9lulas vivas; floema, par\u00e9nquima y c\u00e9lulas epiteliales de canales resin\u00edferos. Imagen: Aida  Rodr\u00edguez\" src=\"http:\/\/www2.montes.upm.es\/ArboretoMontes\/wp-content\/uploads\/2014\/11\/res-3.jpg\" width=\"221\" height=\"382\" srcset=\"https:\/\/www2.montes.upm.es\/ArboretoMontes\/wp-content\/uploads\/2014\/11\/res-3.jpg 573w, https:\/\/www2.montes.upm.es\/ArboretoMontes\/wp-content\/uploads\/2014\/11\/res-3-173x300.jpg 173w\" sizes=\"(max-width: 221px) 100vw, 221px\" \/><figcaption id=\"caption-attachment-1288\" class=\"wp-caption-text\"><em><span style=\"font-family: verdana, geneva; font-size: x-small; color: #888888;\">\u00a0En la imagen, corte transversal en el que se aprecian los anillos de crecimiento. En rojo, traqueidas, tejido lignificado del xilema. En azul, c\u00e9lulas vivas; floema, par\u00e9nquima y c\u00e9lulas epiteliales de canales resin\u00edferos. Imagen: Aida Rodr\u00edguez<\/span><\/em><\/figcaption><\/figure>\n<p style=\"text-align: justify;\"><span style=\"line-height: 1.5em; font-family: verdana, geneva; font-size: small;\">\u00a0 \u00a0 \u00a0 \u00a0 \u00a0 \u00a0 \u00a0 \u00a0 \u00a0 \u00a0 \u00a0 \u00a0 \u00a0 \u00a0 \u00a0 \u00a0 \u00a0 \u00a0 \u00a0 \u00a0 \u00a0 <\/span><\/p>\n<p style=\"text-align: justify;\"><span style=\"line-height: 1.5em; font-family: verdana, geneva; font-size: small;\">Los estudios que se est\u00e1n llevando a cabo pretenden esclarecer las relaciones existentes entre distintas variables anat\u00f3micas, dendrom\u00e9tricas (di\u00e1metro y altura) y la producci\u00f3n de resina. Asimismo, se estudia la influencia del clima tanto en la formaci\u00f3n de canales resin\u00edferos como en la producci\u00f3n de resina.\u00a0<\/span><\/p>\n<p style=\"text-align: justify;\">\n<p style=\"text-align: justify;\"><img decoding=\"async\" loading=\"lazy\" class=\"alignright  wp-image-1297\" style=\"border: 0px;\" alt=\"INFO-res1\" src=\"http:\/\/www2.montes.upm.es\/ArboretoMontes\/wp-content\/uploads\/2014\/11\/INFO-res1.jpg\" width=\"600\" height=\"80\" srcset=\"https:\/\/www2.montes.upm.es\/ArboretoMontes\/wp-content\/uploads\/2014\/11\/INFO-res1.jpg 750w, https:\/\/www2.montes.upm.es\/ArboretoMontes\/wp-content\/uploads\/2014\/11\/INFO-res1-300x40.jpg 300w\" sizes=\"(max-width: 600px) 100vw, 600px\" \/><\/p>\n<p style=\"text-align: justify;\"><a href=\"http:\/\/www.congresoforestal.es\/actas\/doc\/6CFE\/6CFE01-163.pdf\" target=\"_blank\"><img decoding=\"async\" loading=\"lazy\" class=\"alignright  wp-image-1295\" style=\"border: 0px;\" alt=\"INFO-res2\" src=\"http:\/\/www2.montes.upm.es\/ArboretoMontes\/wp-content\/uploads\/2014\/11\/INFO-res2.jpg\" width=\"600\" height=\"80\" srcset=\"https:\/\/www2.montes.upm.es\/ArboretoMontes\/wp-content\/uploads\/2014\/11\/INFO-res2.jpg 750w, https:\/\/www2.montes.upm.es\/ArboretoMontes\/wp-content\/uploads\/2014\/11\/INFO-res2-300x40.jpg 300w\" sizes=\"(max-width: 600px) 100vw, 600px\" \/><\/a><\/p>\n<p style=\"text-align: justify;\"><a href=\"http:\/\/www.sust-forest.eu\/index.php?q=contenido\/videos-0\" target=\"_blank\"><img decoding=\"async\" loading=\"lazy\" class=\"alignright  wp-image-1293\" style=\"border: 0px;\" alt=\"INFO-res3\" src=\"http:\/\/www2.montes.upm.es\/ArboretoMontes\/wp-content\/uploads\/2014\/11\/INFO-res3.jpg\" width=\"600\" height=\"80\" srcset=\"https:\/\/www2.montes.upm.es\/ArboretoMontes\/wp-content\/uploads\/2014\/11\/INFO-res3.jpg 750w, https:\/\/www2.montes.upm.es\/ArboretoMontes\/wp-content\/uploads\/2014\/11\/INFO-res3-300x40.jpg 300w\" sizes=\"(max-width: 600px) 100vw, 600px\" \/><\/a><\/p>\n<p style=\"text-align: justify;\"><a href=\"http:\/\/www.rtve.es\/alacarta\/videos\/el-bosque-protector\/bosque-protector-resina-industria-actual\/2281075\/\" target=\"_blank\"><img decoding=\"async\" loading=\"lazy\" class=\"alignright  wp-image-1292\" style=\"border: 0px;\" alt=\"INFO-res4\" src=\"http:\/\/www2.montes.upm.es\/ArboretoMontes\/wp-content\/uploads\/2014\/11\/INFO-res4.jpg\" width=\"600\" height=\"80\" srcset=\"https:\/\/www2.montes.upm.es\/ArboretoMontes\/wp-content\/uploads\/2014\/11\/INFO-res4.jpg 750w, https:\/\/www2.montes.upm.es\/ArboretoMontes\/wp-content\/uploads\/2014\/11\/INFO-res4-300x40.jpg 300w\" sizes=\"(max-width: 600px) 100vw, 600px\" \/><\/a><\/p>\n","protected":false},"excerpt":{"rendered":"<p>Influencia de la anatom\u00eda de la madera, dendrometr\u00eda y clima en la producci\u00f3n de resina La resinaci\u00f3n ha sido una actividad de gran importancia desde hace [&#8230;]<\/p>\n","protected":false},"author":1,"featured_media":0,"parent":0,"menu_order":0,"comment_status":"closed","ping_status":"closed","template":"nosidebar-page.php","meta":[],"_links":{"self":[{"href":"https:\/\/www2.montes.upm.es\/ArboretoMontes\/index.php\/wp-json\/wp\/v2\/pages\/1275"}],"collection":[{"href":"https:\/\/www2.montes.upm.es\/ArboretoMontes\/index.php\/wp-json\/wp\/v2\/pages"}],"about":[{"href":"https:\/\/www2.montes.upm.es\/ArboretoMontes\/index.php\/wp-json\/wp\/v2\/types\/page"}],"author":[{"embeddable":true,"href":"https:\/\/www2.montes.upm.es\/ArboretoMontes\/index.php\/wp-json\/wp\/v2\/users\/1"}],"replies":[{"embeddable":true,"href":"https:\/\/www2.montes.upm.es\/ArboretoMontes\/index.php\/wp-json\/wp\/v2\/comments?post=1275"}],"version-history":[{"count":28,"href":"https:\/\/www2.montes.upm.es\/ArboretoMontes\/index.php\/wp-json\/wp\/v2\/pages\/1275\/revisions"}],"predecessor-version":[{"id":1611,"href":"https:\/\/www2.montes.upm.es\/ArboretoMontes\/index.php\/wp-json\/wp\/v2\/pages\/1275\/revisions\/1611"}],"wp:attachment":[{"href":"https:\/\/www2.montes.upm.es\/ArboretoMontes\/index.php\/wp-json\/wp\/v2\/media?parent=1275"}],"curies":[{"name":"wp","href":"https:\/\/api.w.org\/{rel}","templated":true}]}}