{"id":579,"date":"2014-10-26T23:55:39","date_gmt":"2014-10-26T22:55:39","guid":{"rendered":"http:\/\/www2.montes.upm.es\/ArboretoMontes\/?page_id=579"},"modified":"2014-11-12T01:50:10","modified_gmt":"2014-11-12T00:50:10","slug":"gestion-de-fauna-salvaje","status":"publish","type":"page","link":"https:\/\/www2.montes.upm.es\/ArboretoMontes\/index.php\/gestion-de-fauna-salvaje\/","title":{"rendered":"Gesti\u00f3n de fauna salvaje"},"content":{"rendered":"<p style=\"text-align: center;\"><img decoding=\"async\" loading=\"lazy\" class=\"aligncenter size-full wp-image-896\" style=\"border: 0px;\" alt=\"Cabez-FAUNA\" src=\"http:\/\/www2.montes.upm.es\/ArboretoMontes\/wp-content\/uploads\/2014\/10\/Cabez-FAUNA.jpg\" width=\"1000\" height=\"204\" srcset=\"https:\/\/www2.montes.upm.es\/ArboretoMontes\/wp-content\/uploads\/2014\/10\/Cabez-FAUNA.jpg 1000w, https:\/\/www2.montes.upm.es\/ArboretoMontes\/wp-content\/uploads\/2014\/10\/Cabez-FAUNA-300x61.jpg 300w\" sizes=\"(max-width: 1000px) 100vw, 1000px\" \/><\/p>\n<p style=\"text-align: justify;\"><span style=\"font-family: verdana, geneva; font-size: small; line-height: 1.5em;\">Las interrelaciones que la fauna mantiene con sus h\u00e1bitats naturales requieren hacer una gesti\u00f3n integral que tenga en cuenta tanto las necesidades ecol\u00f3gicas de los animales como sus impactos en el propio monte. El conocimiento exhaustivo de la biolog\u00eda y ecolog\u00eda de las especies m\u00e1s vulnerables permite llevar cabo planes de recuperaci\u00f3n que incidan positivamente en aquellos factores del h\u00e1bitat que las favorecen. Por otro lado, la gesti\u00f3n de la fauna silvestre aborda otros campos como el aprovechamiento sostenible de las especies denominadas cineg\u00e9ticas.<\/span><\/p>\n<figure id=\"attachment_1020\" aria-describedby=\"caption-attachment-1020\" style=\"width: 1003px\" class=\"wp-caption aligncenter\"><img decoding=\"async\" loading=\"lazy\" class=\"size-full wp-image-1020 \" alt=\"En la gesti\u00f3n de la fauna cineg\u00e9tica intervienen elementos como: (1) el inventario (\u00bfcu\u00e1nto hay?), (2) la capacidad de aprovechamiento de la poblaci\u00f3n (\u00bfcu\u00e1nto podemos extraer?) y (3) el conocimiento ecol\u00f3gico de la especie (\u00bfqu\u00e9 factores determinan a su abundancia poblacional?).\" src=\"http:\/\/www2.montes.upm.es\/ArboretoMontes\/wp-content\/uploads\/2014\/10\/IMG-FAUNA1.jpg\" width=\"1003\" height=\"261\" srcset=\"https:\/\/www2.montes.upm.es\/ArboretoMontes\/wp-content\/uploads\/2014\/10\/IMG-FAUNA1.jpg 1003w, https:\/\/www2.montes.upm.es\/ArboretoMontes\/wp-content\/uploads\/2014\/10\/IMG-FAUNA1-300x78.jpg 300w\" sizes=\"(max-width: 1003px) 100vw, 1003px\" \/><figcaption id=\"caption-attachment-1020\" class=\"wp-caption-text\"><em><span style=\"font-family: verdana, geneva; font-size: x-small; color: #888888;\">En la gesti\u00f3n de la fauna cineg\u00e9tica intervienen elementos como: (1) el inventario (\u00bfcu\u00e1nto hay?), (2) la capacidad de aprovechamiento de la poblaci\u00f3n (\u00bfcu\u00e1nto podemos extraer?) y (3) el conocimiento ecol\u00f3gico de la especie (\u00bfqu\u00e9 factores determinan a su abundancia poblacional?)<\/span><\/em>.<\/figcaption><\/figure>\n<p style=\"text-align: justify;\"><span style=\"font-family: verdana, geneva; font-size: small;\">Gracias a la investigaci\u00f3n, la gesti\u00f3n de fauna salvaje\u00a0 se nutre de conocimiento y datos fundamentales para llevar a cabo su correcta aplicaci\u00f3n. Uno de los trabajos que actualmente se llevan a cabo en el Laboratorio de Zoolog\u00eda y Entomolog\u00eda de la ETSI Montes es el estudio de la t\u00f3rtola com\u00fan (<em>Streptopelia turtur<\/em>) y sus interacciones con el medio forestal.<\/span><\/p>\n<p style=\"text-align: justify;\"><span style=\"color: #7b9353; font-family: verdana, geneva;\"><strong><span style=\"font-size: medium; line-height: 1.5em;\">\u00bfC\u00f3mo afecta la gesti\u00f3n del monte a la abundancia de t\u00f3rtola com\u00fan?<\/span><\/strong><\/span><\/p>\n<figure id=\"attachment_641\" aria-describedby=\"caption-attachment-641\" style=\"width: 235px\" class=\"wp-caption alignright\"><img decoding=\"async\" loading=\"lazy\" class=\" wp-image-641   \" style=\"border: 0px;\" alt=\"El seguimiento interanual de la t\u00f3rtola es posible gracias a que es un ave migratoria que vuelve cada primavera al lugar donde naci\u00f3. Esta caracter\u00edstica de algunas especies se llama Filpatr\u00eda. \" src=\"http:\/\/www2.montes.upm.es\/ArboretoMontes\/wp-content\/uploads\/2014\/10\/tortola-844x1024.png\" width=\"235\" height=\"285\" srcset=\"https:\/\/www2.montes.upm.es\/ArboretoMontes\/wp-content\/uploads\/2014\/10\/tortola-844x1024.png 844w, https:\/\/www2.montes.upm.es\/ArboretoMontes\/wp-content\/uploads\/2014\/10\/tortola-247x300.png 247w, https:\/\/www2.montes.upm.es\/ArboretoMontes\/wp-content\/uploads\/2014\/10\/tortola.png 2017w\" sizes=\"(max-width: 235px) 100vw, 235px\" \/><figcaption id=\"caption-attachment-641\" class=\"wp-caption-text\"><span style=\"color: #888888;\"><em><span style=\"font-family: verdana, geneva; font-size: x-small;\">El seguimiento interanual de la t\u00f3rtola es posible gracias a que es un ave migratoria que vuelve cada primavera al lugar donde naci\u00f3. Esta caracter\u00edstica de algunas especies se llama Filpatr\u00eda.<\/span><\/em><\/span><\/figcaption><\/figure>\n<p style=\"text-align: justify;\"><span style=\"font-family: verdana, geneva; font-size: small; line-height: 1.5em;\">Debido a que la especie se alimenta de semillas silvestres durante su periodo de cr\u00eda, su \u00e9xito reproductivo es muy dependiente de la abundancia en primavera de determinadas plantas. Para conocer mejor esta relaci\u00f3n animal-planta se est\u00e1 trabajando en el conocimiento de las semillas importantes en la dieta de la especie, as\u00ed como los factores que determinan la abundancia anual de dichas plantas.<\/span><\/p>\n<p style=\"text-align: justify;\"><span style=\"font-family: verdana, geneva; font-size: small; line-height: 1.5em;\">Para llevar a cabo esta investigaci\u00f3n, cada primavera se lleva a cabo un inventario de las parejas reproductoras presentes, mediante la escucha de los cantos de los machos. De esta forma, cada macho detectado es una pareja reproductora y permite hacer seguimiento anual de la poblaci\u00f3n y su \u00e9xito reproductivo. Si un a\u00f1o una pareja de t\u00f3rtolas cr\u00eda bien, al a\u00f1o siguiente vendr\u00e1 un mayor n\u00famero de reproductores a la misma zona. Si cr\u00eda mal, se dar\u00e1 la situaci\u00f3n inversa.<\/span><\/p>\n<p style=\"text-align: justify;\"><span style=\"font-family: verdana, geneva; font-size: small; line-height: 1.5em;\">La identificaci\u00f3n de las semillas\u00a0 consumidas por las t\u00f3rtolas es posible gracias a la ayuda de los bot\u00e1nicos. A veces es necesario hacerlas germinar para poder reconocerlas. Una vez conocidas las semillas que son importantes en la dieta, es posible favorecer la presencia de las plantas y evitar aquellas acciones que disminuyan su disponibilidad para la t\u00f3rtola.<\/span><\/p>\n<p style=\"text-align: justify;\"><span style=\"font-family: verdana, geneva; font-size: small;\"><!--StartFragment--><\/span><\/p>\n<figure id=\"attachment_1023\" aria-describedby=\"caption-attachment-1023\" style=\"width: 1003px\" class=\"wp-caption aligncenter\"><img decoding=\"async\" loading=\"lazy\" class=\"size-full wp-image-1023\" alt=\"IMG-FAUNA2\" src=\"http:\/\/www2.montes.upm.es\/ArboretoMontes\/wp-content\/uploads\/2014\/10\/IMG-FAUNA2.jpg\" width=\"1003\" height=\"263\" srcset=\"https:\/\/www2.montes.upm.es\/ArboretoMontes\/wp-content\/uploads\/2014\/10\/IMG-FAUNA2.jpg 1003w, https:\/\/www2.montes.upm.es\/ArboretoMontes\/wp-content\/uploads\/2014\/10\/IMG-FAUNA2-300x78.jpg 300w\" sizes=\"(max-width: 1003px) 100vw, 1003px\" \/><figcaption id=\"caption-attachment-1023\" class=\"wp-caption-text\"><span style=\"color: #888888;\"><em><span style=\"font-family: verdana, geneva; font-size: x-small;\">El Laboratorio de Zoolog\u00eda y Entomolog\u00eda de la E.T.S.I. de Montes alberga el Museo de Fauna Ib\u00e9rica m\u00e1s completo despu\u00e9s del Museo de Ciencias Naturales de Madrid.<\/span><\/em><\/span><\/figcaption><\/figure>\n<p><span style=\"font-family: verdana, geneva;\"><a href=\"http:\/\/www.upm.es\/ETSIMontes\/LaEscuela\/Ubicacion\/Laboratorio\/Zoolog%C3%ADa\" target=\"_blank\"><img decoding=\"async\" loading=\"lazy\" class=\"alignright  wp-image-902\" style=\"border: 0px;\" title=\"M\u00e1s informaci\u00f3n\" alt=\"INFO-fauna\" src=\"http:\/\/www2.montes.upm.es\/ArboretoMontes\/wp-content\/uploads\/2014\/10\/INFO-fauna.jpg\" width=\"600\" height=\"80\" srcset=\"https:\/\/www2.montes.upm.es\/ArboretoMontes\/wp-content\/uploads\/2014\/10\/INFO-fauna.jpg 750w, https:\/\/www2.montes.upm.es\/ArboretoMontes\/wp-content\/uploads\/2014\/10\/INFO-fauna-300x40.jpg 300w\" sizes=\"(max-width: 600px) 100vw, 600px\" \/><\/a><\/span><\/p>\n<p><span style=\"font-family: verdana, geneva;\"><a href=\"http:\/\/www.xeno-canto.org\/181391\" target=\"_blank\"><img decoding=\"async\" loading=\"lazy\" class=\"wp-image-898 alignright\" style=\"border: 0px;\" title=\"Escucha el audio\" alt=\"AUDIO-fauna\" src=\"http:\/\/www2.montes.upm.es\/ArboretoMontes\/wp-content\/uploads\/2014\/10\/AUDIO-fauna.jpg\" width=\"600\" height=\"80\" srcset=\"https:\/\/www2.montes.upm.es\/ArboretoMontes\/wp-content\/uploads\/2014\/10\/AUDIO-fauna.jpg 750w, https:\/\/www2.montes.upm.es\/ArboretoMontes\/wp-content\/uploads\/2014\/10\/AUDIO-fauna-300x40.jpg 300w\" sizes=\"(max-width: 600px) 100vw, 600px\" \/><\/a><\/span><\/p>\n<p><span style=\"font-family: verdana, geneva;\"><iframe loading=\"lazy\" src=\"http:\/\/www.xeno-canto.org\/181391\/embed\" height=\"220\" width=\"340\" scrolling=\"no\" align=\"aligncenter\"><\/iframe><\/span><\/p>\n","protected":false},"excerpt":{"rendered":"<p>Las interrelaciones que la fauna mantiene con sus h\u00e1bitats naturales requieren hacer una gesti\u00f3n integral que tenga en cuenta tanto las necesidades ecol\u00f3gicas de los animales [&#8230;]<\/p>\n","protected":false},"author":1,"featured_media":0,"parent":0,"menu_order":0,"comment_status":"closed","ping_status":"closed","template":"nosidebar-page.php","meta":[],"_links":{"self":[{"href":"https:\/\/www2.montes.upm.es\/ArboretoMontes\/index.php\/wp-json\/wp\/v2\/pages\/579"}],"collection":[{"href":"https:\/\/www2.montes.upm.es\/ArboretoMontes\/index.php\/wp-json\/wp\/v2\/pages"}],"about":[{"href":"https:\/\/www2.montes.upm.es\/ArboretoMontes\/index.php\/wp-json\/wp\/v2\/types\/page"}],"author":[{"embeddable":true,"href":"https:\/\/www2.montes.upm.es\/ArboretoMontes\/index.php\/wp-json\/wp\/v2\/users\/1"}],"replies":[{"embeddable":true,"href":"https:\/\/www2.montes.upm.es\/ArboretoMontes\/index.php\/wp-json\/wp\/v2\/comments?post=579"}],"version-history":[{"count":33,"href":"https:\/\/www2.montes.upm.es\/ArboretoMontes\/index.php\/wp-json\/wp\/v2\/pages\/579\/revisions"}],"predecessor-version":[{"id":1086,"href":"https:\/\/www2.montes.upm.es\/ArboretoMontes\/index.php\/wp-json\/wp\/v2\/pages\/579\/revisions\/1086"}],"wp:attachment":[{"href":"https:\/\/www2.montes.upm.es\/ArboretoMontes\/index.php\/wp-json\/wp\/v2\/media?parent=579"}],"curies":[{"name":"wp","href":"https:\/\/api.w.org\/{rel}","templated":true}]}}